{"id":77789,"date":"2023-12-20T17:40:17","date_gmt":"2023-12-20T16:40:17","guid":{"rendered":"https:\/\/staging.bikefit.lu\/concept\/"},"modified":"2025-11-30T10:07:53","modified_gmt":"2025-11-30T09:07:53","slug":"concept","status":"publish","type":"page","link":"https:\/\/bikefit.lu\/fr\/concept\/","title":{"rendered":"Concept"},"content":{"rendered":"\t\t<div data-elementor-type=\"wp-page\" data-elementor-id=\"77789\" class=\"elementor elementor-77789 elementor-71351\" data-elementor-post-type=\"page\">\n\t\t\t\t<div class=\"elementor-element elementor-element-63f5c2a e-flex e-con-boxed e-con e-parent\" data-id=\"63f5c2a\" data-element_type=\"container\" data-e-type=\"container\">\n\t\t\t\t\t<div class=\"e-con-inner\">\n\t\t\t\t<div class=\"elementor-element elementor-element-72e0994 elementor-widget elementor-widget-menu-anchor\" data-id=\"72e0994\" data-element_type=\"widget\" data-e-type=\"widget\" data-widget_type=\"menu-anchor.default\">\n\t\t\t\t<div class=\"elementor-widget-container\">\n\t\t\t\t\t\t\t<div class=\"elementor-menu-anchor\" id=\"Concept\"><\/div>\n\t\t\t\t\t\t<\/div>\n\t\t\t\t<\/div>\n\t\t<div class=\"elementor-element elementor-element-ebad294 e-flex e-con-boxed e-con e-child\" data-id=\"ebad294\" data-element_type=\"container\" data-e-type=\"container\">\n\t\t\t\t\t<div class=\"e-con-inner\">\n\t\t\t\t<div class=\"elementor-element elementor-element-4d360e1 elementor-widget elementor-widget-image\" data-id=\"4d360e1\" data-element_type=\"widget\" data-e-type=\"widget\" data-widget_type=\"image.default\">\n\t\t\t\t<div class=\"elementor-widget-container\">\n\t\t\t\t\t\t\t\t\t\t\t\t\t\t\t<img fetchpriority=\"high\" decoding=\"async\" width=\"208\" height=\"300\" src=\"https:\/\/bikefit.lu\/wp-content\/uploads\/2024\/01\/Your-fitter-208x300.jpg\" class=\"attachment-medium size-medium wp-image-77092\" alt=\"\" srcset=\"https:\/\/bikefit.lu\/wp-content\/uploads\/2024\/01\/Your-fitter-208x300.jpg 208w, https:\/\/bikefit.lu\/wp-content\/uploads\/2024\/01\/Your-fitter-104x150.jpg 104w, https:\/\/bikefit.lu\/wp-content\/uploads\/2024\/01\/Your-fitter-200x288.jpg 200w, https:\/\/bikefit.lu\/wp-content\/uploads\/2024\/01\/Your-fitter-300x432.jpg 300w, https:\/\/bikefit.lu\/wp-content\/uploads\/2024\/01\/Your-fitter.jpg 408w\" sizes=\"(max-width: 208px) 100vw, 208px\" \/>\t\t\t\t\t\t\t\t\t\t\t\t\t\t\t<\/div>\n\t\t\t\t<\/div>\n\t\t\t\t<div class=\"elementor-element elementor-element-ca1b203 elementor-widget__width-initial elementor-widget elementor-widget-text-editor\" data-id=\"ca1b203\" data-element_type=\"widget\" data-e-type=\"widget\" data-widget_type=\"text-editor.default\">\n\t\t\t\t<div class=\"elementor-widget-container\">\n\t\t\t\t\t\t\t\t\t<p>Embarquez pour un voyage personnalis\u00e9 et dynamique avec une \u00e9valuation posturale professionnelle con\u00e7ue pour am\u00e9liorer votre exp\u00e9rience sportive. Que vous recherchiez un confort optimal, des performances de pointe ou la pr\u00e9vention des blessures, je suis l\u00e0 pour vous aider. Si vous ressentez une g\u00eane ou une douleur sur votre v\u00e9lo, soyez assur\u00e9 que je m&#8217;engage \u00e0 am\u00e9liorer votre exp\u00e9rience cycliste, en m&#8217;adressant \u00e0 des personnes de tous niveaux et de tous types de pratique.<\/p>\t\t\t\t\t\t\t\t<\/div>\n\t\t\t\t<\/div>\n\t\t\t\t\t<\/div>\n\t\t\t\t<\/div>\n\t\t\t\t<div class=\"elementor-element elementor-element-0e0e417 elementor-widget__width-initial elementor-widget elementor-widget-heading\" data-id=\"0e0e417\" data-element_type=\"widget\" data-e-type=\"widget\" data-widget_type=\"heading.default\">\n\t\t\t\t<div class=\"elementor-widget-container\">\n\t\t\t\t\t<h2 class=\"elementor-heading-title elementor-size-default\">Plus de confort, moins d'efforts et moins de risques de blessures gr\u00e2ce \u00e0 une \u00e9valuation dynamique de la posture.<\/h2>\t\t\t\t<\/div>\n\t\t\t\t<\/div>\n\t\t<div class=\"elementor-element elementor-element-e2e7307 e-flex e-con-boxed e-con e-child\" data-id=\"e2e7307\" data-element_type=\"container\" data-e-type=\"container\">\n\t\t\t\t\t<div class=\"e-con-inner\">\n\t\t\t\t<div class=\"elementor-element elementor-element-9ede42e elementor-widget__width-initial elementor-widget elementor-widget-text-editor\" data-id=\"9ede42e\" data-element_type=\"widget\" data-e-type=\"widget\" data-widget_type=\"text-editor.default\">\n\t\t\t\t<div class=\"elementor-widget-container\">\n\t\t\t\t\t\t\t\t\t<p>Bernard Hinault a dit un jour : &#8220;Seuls 2 % des cyclistes ont besoin d&#8217;un v\u00e9lo sur mesure. Une position personnalis\u00e9e, en revanche, tout le monde doit l&#8217;avoir&#8221;. <\/p>\t\t\t\t\t\t\t\t<\/div>\n\t\t\t\t<\/div>\n\t\t\t\t<div class=\"elementor-element elementor-element-5117a38 elementor-widget elementor-widget-image\" data-id=\"5117a38\" data-element_type=\"widget\" data-e-type=\"widget\" data-widget_type=\"image.default\">\n\t\t\t\t<div class=\"elementor-widget-container\">\n\t\t\t\t\t\t\t\t\t\t\t\t\t\t\t<img decoding=\"async\" width=\"206\" height=\"245\" src=\"https:\/\/bikefit.lu\/wp-content\/uploads\/2024\/01\/Bernard-Hinault.jpeg\" class=\"attachment-large size-large wp-image-77089\" alt=\"\" srcset=\"https:\/\/bikefit.lu\/wp-content\/uploads\/2024\/01\/Bernard-Hinault.jpeg 206w, https:\/\/bikefit.lu\/wp-content\/uploads\/2024\/01\/Bernard-Hinault-126x150.jpeg 126w, https:\/\/bikefit.lu\/wp-content\/uploads\/2024\/01\/Bernard-Hinault-200x238.jpeg 200w\" sizes=\"(max-width: 206px) 100vw, 206px\" \/>\t\t\t\t\t\t\t\t\t\t\t\t\t\t\t<\/div>\n\t\t\t\t<\/div>\n\t\t\t\t\t<\/div>\n\t\t\t\t<\/div>\n\t\t\t\t<div class=\"elementor-element elementor-element-a4d1173 elementor-widget__width-initial elementor-widget elementor-widget-text-editor\" data-id=\"a4d1173\" data-element_type=\"widget\" data-e-type=\"widget\" data-widget_type=\"text-editor.default\">\n\t\t\t\t<div class=\"elementor-widget-container\">\n\t\t\t\t\t\t\t\t\t<p>En effet, une posture solide et stable est la base de toute pratique cycliste. Que vous cherchiez \u00e0 am\u00e9liorer vos performances ou votre confort, l&#8217;optimisation posturale vous apportera les deux. L&#8217;optimisation de la connexion entre vous et votre v\u00e9lo est l&#8217;\u00e9l\u00e9ment crucial pour atteindre des performances de pointe. En effet, l&#8217;efficacit\u00e9 ne peut \u00eatre atteinte sans confort.<\/p>\t\t\t\t\t\t\t\t<\/div>\n\t\t\t\t<\/div>\n\t\t\t\t<div class=\"elementor-element elementor-element-f479d1e elementor-widget__width-initial elementor-widget elementor-widget-heading\" data-id=\"f479d1e\" data-element_type=\"widget\" data-e-type=\"widget\" data-widget_type=\"heading.default\">\n\t\t\t\t<div class=\"elementor-widget-container\">\n\t\t\t\t\t<h2 class=\"elementor-heading-title elementor-size-default\">Confort + efficacit\u00e9 = performance.<\/h2>\t\t\t\t<\/div>\n\t\t\t\t<\/div>\n\t\t\t\t<div class=\"elementor-element elementor-element-1bb28aa elementor-widget__width-initial elementor-widget elementor-widget-text-editor\" data-id=\"1bb28aa\" data-element_type=\"widget\" data-e-type=\"widget\" data-widget_type=\"text-editor.default\">\n\t\t\t\t<div class=\"elementor-widget-container\">\n\t\t\t\t\t\t\t\t\t<p>M\u00eame si votre objectif principal est la performance, votre position doit \u00eatre suffisamment confortable pour \u00eatre maintenue sans gaspiller de l&#8217;\u00e9nergie dans une posture qui ne vous convient pas. C&#8217;est le v\u00e9lo qui doit s&#8217;adapter \u00e0 VOUS, et non l&#8217;inverse. L&#8217;\u00e9tude posturale consiste \u00e0 analyser votre posture et votre technique sur votre v\u00e9lo ou sur le fit-bike afin d&#8217;optimiser vos performances et de minimiser le risque de blessures dues \u00e0 des facteurs de surcharge. Elle vous place, en tant que cycliste, au centre de l&#8217;analyse, en recherchant l&#8217;harmonie entre vous et votre v\u00e9lo.<\/p>\t\t\t\t\t\t\t\t<\/div>\n\t\t\t\t<\/div>\n\t\t\t\t<div class=\"elementor-element elementor-element-ad60568 elementor-widget elementor-widget-text-editor\" data-id=\"ad60568\" data-element_type=\"widget\" data-e-type=\"widget\" data-widget_type=\"text-editor.default\">\n\t\t\t\t<div class=\"elementor-widget-container\">\n\t\t\t\t\t\t\t\t\t<p>La m\u00e9thode propos\u00e9e est <strong>dynamique<\/strong> \u00e0 deux \u00e9gards :<\/p>\t\t\t\t\t\t\t\t<\/div>\n\t\t\t\t<\/div>\n\t\t<div class=\"elementor-element elementor-element-522e8da e-flex e-con-boxed e-con e-child\" data-id=\"522e8da\" data-element_type=\"container\" data-e-type=\"container\">\n\t\t\t\t\t<div class=\"e-con-inner\">\n\t\t\t\t<div class=\"elementor-element elementor-element-42d882f elementor-widget elementor-widget-image\" data-id=\"42d882f\" data-element_type=\"widget\" data-e-type=\"widget\" data-widget_type=\"image.default\">\n\t\t\t\t<div class=\"elementor-widget-container\">\n\t\t\t\t\t\t\t\t\t\t\t\t\t\t\t<img decoding=\"async\" width=\"869\" height=\"591\" src=\"https:\/\/bikefit.lu\/wp-content\/uploads\/2024\/01\/Dynamic.jpg\" class=\"attachment-large size-large wp-image-77095\" alt=\"\" srcset=\"https:\/\/bikefit.lu\/wp-content\/uploads\/2024\/01\/Dynamic.jpg 869w, https:\/\/bikefit.lu\/wp-content\/uploads\/2024\/01\/Dynamic-600x408.jpg 600w, https:\/\/bikefit.lu\/wp-content\/uploads\/2024\/01\/Dynamic-441x300.jpg 441w, https:\/\/bikefit.lu\/wp-content\/uploads\/2024\/01\/Dynamic-150x102.jpg 150w, https:\/\/bikefit.lu\/wp-content\/uploads\/2024\/01\/Dynamic-768x522.jpg 768w, https:\/\/bikefit.lu\/wp-content\/uploads\/2024\/01\/Dynamic-300x204.jpg 300w\" sizes=\"(max-width: 869px) 100vw, 869px\" \/>\t\t\t\t\t\t\t\t\t\t\t\t\t\t\t<\/div>\n\t\t\t\t<\/div>\n\t\t\t\t<div class=\"elementor-element elementor-element-89fa260 elementor-widget__width-initial elementor-widget elementor-widget-text-editor\" data-id=\"89fa260\" data-element_type=\"widget\" data-e-type=\"widget\" data-widget_type=\"text-editor.default\">\n\t\t\t\t<div class=\"elementor-widget-container\">\n\t\t\t\t\t\t\t\t\t<ul><li>L&#8217;\u00e9valuation posturale se fait en mouvement, en p\u00e9dalant sur votre propre v\u00e9lo sur un entra\u00eeneur ou sur le fit-bike.<\/li><li>Vous \u00eates activement impliqu\u00e9 dans le processus. L&#8217;art du fitting ou sizing consiste \u00e0 jongler entre observations objectives et sensations subjectives. Cela rend chaque s\u00e9ance unique et chaque \u00e9valuation posturale passionnante.<\/li><\/ul>\t\t\t\t\t\t\t\t<\/div>\n\t\t\t\t<\/div>\n\t\t\t\t\t<\/div>\n\t\t\t\t<\/div>\n\t\t\t\t<div class=\"elementor-element elementor-element-482ef75 elementor-widget__width-initial elementor-widget elementor-widget-text-editor\" data-id=\"482ef75\" data-element_type=\"widget\" data-e-type=\"widget\" data-widget_type=\"text-editor.default\">\n\t\t\t\t<div class=\"elementor-widget-container\">\n\t\t\t\t\t\t\t\t\t<p>Au d\u00e9but, les \u00e9valuations posturales \u00e9taient surtout demand\u00e9es par des cyclistes particuli\u00e8rement ambitieux, tandis que les cyclistes amateurs h\u00e9sitaient souvent, pensant \u00e0 tort qu&#8217;ils n&#8217;\u00e9taient pas assez comp\u00e9tents ou qu&#8217;ils n&#8217;en avaient pas besoin. Cette perception a beaucoup \u00e9volu\u00e9, surtout au cours de la derni\u00e8re d\u00e9cennie, avec l&#8217;augmentation du nombre de cyclistes et une meilleure compr\u00e9hension de l&#8217;importance d&#8217;une position adapt\u00e9e \u00e0 leur pratique.<\/p>\t\t\t\t\t\t\t\t<\/div>\n\t\t\t\t<\/div>\n\t\t<div class=\"elementor-element elementor-element-c8d9eda e-flex e-con-boxed e-con e-child\" data-id=\"c8d9eda\" data-element_type=\"container\" data-e-type=\"container\">\n\t\t\t\t\t<div class=\"e-con-inner\">\n\t\t\t\t<div class=\"elementor-element elementor-element-9143325 elementor-widget elementor-widget-image\" data-id=\"9143325\" data-element_type=\"widget\" data-e-type=\"widget\" data-widget_type=\"image.default\">\n\t\t\t\t<div class=\"elementor-widget-container\">\n\t\t\t\t\t\t\t\t\t\t\t\t<figure class=\"wp-caption\">\n\t\t\t\t\t\t\t\t\t\t<img loading=\"lazy\" decoding=\"async\" width=\"533\" height=\"526\" src=\"https:\/\/bikefit.lu\/wp-content\/uploads\/2024\/01\/Painful-cyclist.jpg\" class=\"attachment-large size-large wp-image-77101\" alt=\"\" srcset=\"https:\/\/bikefit.lu\/wp-content\/uploads\/2024\/01\/Painful-cyclist.jpg 533w, https:\/\/bikefit.lu\/wp-content\/uploads\/2024\/01\/Painful-cyclist-100x100.jpg 100w, https:\/\/bikefit.lu\/wp-content\/uploads\/2024\/01\/Painful-cyclist-304x300.jpg 304w, https:\/\/bikefit.lu\/wp-content\/uploads\/2024\/01\/Painful-cyclist-150x148.jpg 150w, https:\/\/bikefit.lu\/wp-content\/uploads\/2024\/01\/Painful-cyclist-200x197.jpg 200w, https:\/\/bikefit.lu\/wp-content\/uploads\/2024\/01\/Painful-cyclist-300x296.jpg 300w\" sizes=\"(max-width: 533px) 100vw, 533px\" \/>\t\t\t\t\t\t\t\t\t\t\t<figcaption class=\"widget-image-caption wp-caption-text\"><\/figcaption>\n\t\t\t\t\t\t\t\t\t\t<\/figure>\n\t\t\t\t\t\t\t\t\t<\/div>\n\t\t\t\t<\/div>\n\t\t\t\t<div class=\"elementor-element elementor-element-115aaa0 elementor-widget__width-initial elementor-widget elementor-widget-text-editor\" data-id=\"115aaa0\" data-element_type=\"widget\" data-e-type=\"widget\" data-widget_type=\"text-editor.default\">\n\t\t\t\t<div class=\"elementor-widget-container\">\n\t\t\t\t\t\t\t\t\t<p>C&#8217;est pourquoi il est indispensable de proc\u00e9der \u00e0 une \u00e9valuation s\u00e9rieuse et professionnelle de la posture. Les statistiques indiquent que 85% des cyclistes sont susceptibles de subir des blessures dues \u00e0 la surcharge. Si l&#8217;on consid\u00e8re le nombre de tours de manivelle par heure (5 400 pour une fr\u00e9quence de p\u00e9dalage de 90 tr\/min) et les heures pass\u00e9es sur le v\u00e9lo, il est \u00e9vident qu&#8217;un mauvais ajustement peut entra\u00eener des dommages.<\/p>\t\t\t\t\t\t\t\t<\/div>\n\t\t\t\t<\/div>\n\t\t\t\t\t<\/div>\n\t\t\t\t<\/div>\n\t\t\t\t<div class=\"elementor-element elementor-element-0933d2e elementor-widget__width-initial elementor-widget elementor-widget-text-editor\" data-id=\"0933d2e\" data-element_type=\"widget\" data-e-type=\"widget\" data-widget_type=\"text-editor.default\">\n\t\t\t\t<div class=\"elementor-widget-container\">\n\t\t\t\t\t\t\t\t\t<p>L&#8217;\u00e9valuation de la posture permet \u00e9galement de pr\u00e9venir ces blessures. Si des dommages sont d\u00e9j\u00e0 survenus, elle permet d&#8217;en identifier la cause, ce qui constitue souvent une \u00e9tape cruciale du traitement. Un diagnostic et un traitement corrects qui s&#8217;attaquent \u00e0 la cause premi\u00e8re sont essentiels, car le seul traitement des sympt\u00f4mes est g\u00e9n\u00e9ralement inefficace.   Si les traitements initiaux s&#8217;av\u00e8rent insatisfaisants, il devient n\u00e9cessaire d&#8217;explorer le v\u00e9lo, les r\u00e9glages et la technique du cycliste.<\/p>\t\t\t\t\t\t\t\t<\/div>\n\t\t\t\t<\/div>\n\t\t\t\t\t<\/div>\n\t\t\t\t<\/div>\n\t\t<div class=\"elementor-element elementor-element-d30bf37 e-flex e-con-boxed e-con e-parent\" data-id=\"d30bf37\" data-element_type=\"container\" data-e-type=\"container\" data-settings=\"{&quot;background_background&quot;:&quot;classic&quot;}\">\n\t\t\t\t\t<div class=\"e-con-inner\">\n\t\t\t\t<div class=\"elementor-element elementor-element-f802a69 elementor-widget elementor-widget-text-editor\" data-id=\"f802a69\" data-element_type=\"widget\" data-e-type=\"widget\" data-widget_type=\"text-editor.default\">\n\t\t\t\t<div class=\"elementor-widget-container\">\n\t\t\t\t\t\t\t\t\t<p>Votre posture optimale et biom\u00e9caniquement correcte est influenc\u00e9e par diff\u00e9rents facteurs :<\/p><ul><li><p><strong><span style=\"color: #000000;\">Caract\u00e9ristiques morphologiques<\/span>:<\/strong> Comprend des facteurs tels que la taille, la souplesse, les mensurations et l&#8217;identification d&#8217;\u00e9ventuelles asym\u00e9tries.<\/p><\/li><li><p><strong><span style=\"color: #000000;\">Stabilit\u00e9<\/span>:<\/strong> Souligne l&#8217;importance de la stabilit\u00e9 globale. Par exemple, il est b\u00e9n\u00e9fique d&#8217;avoir des jambes puissantes, mais une mauvaise stabilit\u00e9 du bassin et du tronc peut \u00eatre compar\u00e9e au fait de tirer un canon \u00e0 partir d&#8217;un cano\u00eb. <\/p><\/li><li><p><strong><span style=\"color: #000000;\">Ant\u00e9c\u00e9dents traumatologiques<\/span>:<\/strong> Comprend les traumatismes directs, les l\u00e9sions de surcharge et les interventions chirurgicales susceptibles d&#8217;avoir un impact sur l&#8217;\u00e9tat actuel.<\/p><\/li><li><p><strong><span style=\"color: #000000;\">Exp\u00e9rience sportive ant\u00e9rieure<\/span>:<\/strong> Il s&#8217;agit des ant\u00e9c\u00e9dents sportifs de la personne, ce qui donne une id\u00e9e de sa familiarit\u00e9 avec les activit\u00e9s physiques.<\/p><\/li><li><p><strong><span style=\"color: #000000;\">Pratique<\/span><\/strong>: refl\u00e8te l&#8217;\u00e9ventail de vos pratiques, des sports de loisirs aux sports de comp\u00e9tition, en passant par le cyclisme sur route, le VTT, le triathlon, le cyclocross, la randonn\u00e9e, etc.<\/p><\/li><li><p><strong><span style=\"color: #000000;\">Ambitions:<\/span><\/strong> prend en compte vos objectifs, \u00e0 court et \u00e0 long terme, qui influencent le niveau de performance et de r\u00e9ussite souhait\u00e9.<\/p><\/li><li><p><strong><span style=\"color: #000000;\">Sensations<\/span>:<\/strong> Les sensations subjectives pendant le cyclisme, y compris l&#8217;inconfort, la douleur et l&#8217;efficacit\u00e9 globale, sont prises en compte.<\/p><\/li><li><p><strong><span style=\"color: #000000;\">Technique<\/span>:<\/strong> Reconna\u00eet la relation bidirectionnelle entre la technique et la position, reconnaissant que l&#8217;une influence l&#8217;autre.<\/p><\/li><\/ul>\t\t\t\t\t\t\t\t<\/div>\n\t\t\t\t<\/div>\n\t\t\t\t\t<\/div>\n\t\t\t\t<\/div>\n\t\t<div class=\"elementor-element elementor-element-ebdfdfc e-con-full e-flex elementor-invisible e-con e-parent\" data-id=\"ebdfdfc\" data-element_type=\"container\" data-e-type=\"container\" data-settings=\"{&quot;background_background&quot;:&quot;classic&quot;,&quot;animation&quot;:&quot;fadeInUp&quot;}\">\n\t\t\t\t<div class=\"elementor-element elementor-element-64c767d elementor-widget__width-initial elementor-widget elementor-widget-text-editor\" data-id=\"64c767d\" data-element_type=\"widget\" data-e-type=\"widget\" data-widget_type=\"text-editor.default\">\n\t\t\t\t<div class=\"elementor-widget-container\">\n\t\t\t\t\t\t\t\t\t<p>L&#8217;\u00e9valuation de la posture est un processus continu et ne doit pas \u00eatre consid\u00e9r\u00e9e comme termin\u00e9e apr\u00e8s la premi\u00e8re s\u00e9ance. Votre corps \u00e9volue, votre poids change, la souplesse varie au cours de la journ\u00e9e, le travail et les activit\u00e9s influencent vos sensations. M\u00eame une pause prolong\u00e9e peut conduire \u00e0 un changement significatif o\u00f9 vous ne vous reconnaissez plus ou ne reconnaissez plus votre v\u00e9lo et votre position. <\/p>\t\t\t\t\t\t\t\t<\/div>\n\t\t\t\t<\/div>\n\t\t\t\t<div class=\"elementor-element elementor-element-af8244c elementor-widget__width-initial elementor-widget elementor-widget-text-editor\" data-id=\"af8244c\" data-element_type=\"widget\" data-e-type=\"widget\" data-widget_type=\"text-editor.default\">\n\t\t\t\t<div class=\"elementor-widget-container\">\n\t\t\t\t\t\t\t\t\t<p>En ce sens, l&#8217;\u00e9valuation posturale est un voyage, et je serais ravie que nous l&#8217;entreprenions ensemble.<\/p>\t\t\t\t\t\t\t\t<\/div>\n\t\t\t\t<\/div>\n\t\t\t\t<\/div>\n\t\t<div class=\"elementor-element elementor-element-66fab66 e-flex e-con-boxed e-con e-parent\" data-id=\"66fab66\" data-element_type=\"container\" data-e-type=\"container\">\n\t\t\t\t\t<div class=\"e-con-inner\">\n\t\t\t\t<div class=\"elementor-element elementor-element-13f7895 elementor-widget__width-initial elementor-fixed elementor-hidden-mobile elementor-view-default elementor-widget elementor-widget-icon\" data-id=\"13f7895\" data-element_type=\"widget\" data-e-type=\"widget\" data-settings=\"{&quot;_position&quot;:&quot;fixed&quot;}\" data-widget_type=\"icon.default\">\n\t\t\t\t<div class=\"elementor-widget-container\">\n\t\t\t\t\t\t\t<div class=\"elementor-icon-wrapper\">\n\t\t\t<a class=\"elementor-icon\" href=\"#Go2Top\">\n\t\t\t<i aria-hidden=\"true\" class=\"fas fa-chevron-up\"><\/i>\t\t\t<\/a>\n\t\t<\/div>\n\t\t\t\t\t\t<\/div>\n\t\t\t\t<\/div>\n\t\t\t\t\t<\/div>\n\t\t\t\t<\/div>\n\t\t\t\t<\/div>\n\t\t","protected":false},"excerpt":{"rendered":"<p>Embarquez pour un voyage personnalis\u00e9 et dynamique avec une \u00e9valuation posturale professionnelle con\u00e7ue pour am\u00e9liorer votre exp\u00e9rience sportive. Que vous recherchiez un confort optimal, des performances de pointe ou la pr\u00e9vention des blessures, je suis l\u00e0 pour vous aider. Si vous ressentez une g\u00eane ou une douleur sur votre v\u00e9lo, soyez assur\u00e9 que je m&#8217;engage [&hellip;]<\/p>\n","protected":false},"author":1,"featured_media":0,"parent":0,"menu_order":3,"comment_status":"closed","ping_status":"closed","template":"","meta":{"footnotes":""},"class_list":["post-77789","page","type-page","status-publish","hentry"],"yoast_head":"<!-- This site is optimized with the Yoast SEO Premium plugin v27.4 (Yoast SEO v27.4) - https:\/\/yoast.com\/product\/yoast-seo-premium-wordpress\/ -->\n<title>Am\u00e9liorez votre exp\u00e9rience cycliste avec une \u00e9tude posturale professionnelle - bikefit.lu.<\/title>\n<meta name=\"description\" content=\"Pr\u00eat \u00e0 tirer le meilleur parti de votre exp\u00e9rience cycliste ? Une \u00e9valuation posturale professionnelle permet d&#039;optimiser la connexion entre vous et votre v\u00e9lo pour un confort et des performances optimales.\" \/>\n<meta name=\"robots\" content=\"index, follow, max-snippet:-1, max-image-preview:large, max-video-preview:-1\" \/>\n<link rel=\"canonical\" href=\"https:\/\/bikefit.lu\/fr\/concept\/\" \/>\n<meta property=\"og:locale\" content=\"fr_FR\" \/>\n<meta property=\"og:type\" content=\"article\" \/>\n<meta property=\"og:title\" content=\"Concept\" \/>\n<meta property=\"og:description\" content=\"Pr\u00eat \u00e0 tirer le meilleur parti de votre exp\u00e9rience cycliste ? Une \u00e9valuation posturale professionnelle permet d&#039;optimiser la connexion entre vous et votre v\u00e9lo pour un confort et des performances optimales.\" \/>\n<meta property=\"og:url\" content=\"https:\/\/bikefit.lu\/fr\/concept\/\" \/>\n<meta property=\"og:site_name\" content=\"bikefit.lu\" \/>\n<meta property=\"article:modified_time\" content=\"2025-11-30T09:07:53+00:00\" \/>\n<meta property=\"og:image\" content=\"https:\/\/bikefit.lu\/wp-content\/uploads\/2024\/01\/Your-fitter.jpg\" \/>\n\t<meta property=\"og:image:width\" content=\"408\" \/>\n\t<meta property=\"og:image:height\" content=\"588\" \/>\n\t<meta property=\"og:image:type\" content=\"image\/jpeg\" \/>\n<meta name=\"twitter:card\" content=\"summary_large_image\" \/>\n<meta name=\"twitter:label1\" content=\"Dur\u00e9e de lecture estim\u00e9e\" \/>\n\t<meta name=\"twitter:data1\" content=\"6 minutes\" \/>\n<script type=\"application\/ld+json\" class=\"yoast-schema-graph\">{\"@context\":\"https:\\\/\\\/schema.org\",\"@graph\":[{\"@type\":\"WebPage\",\"@id\":\"https:\\\/\\\/bikefit.lu\\\/fr\\\/concept\\\/\",\"url\":\"https:\\\/\\\/bikefit.lu\\\/fr\\\/concept\\\/\",\"name\":\"Am\u00e9liorez votre exp\u00e9rience cycliste avec une \u00e9tude posturale professionnelle - bikefit.lu.\",\"isPartOf\":{\"@id\":\"https:\\\/\\\/bikefit.lu\\\/fr\\\/#website\"},\"primaryImageOfPage\":{\"@id\":\"https:\\\/\\\/bikefit.lu\\\/fr\\\/concept\\\/#primaryimage\"},\"image\":{\"@id\":\"https:\\\/\\\/bikefit.lu\\\/fr\\\/concept\\\/#primaryimage\"},\"thumbnailUrl\":\"https:\\\/\\\/bikefit.lu\\\/wp-content\\\/uploads\\\/2024\\\/01\\\/Your-fitter-208x300.jpg\",\"datePublished\":\"2023-12-20T16:40:17+00:00\",\"dateModified\":\"2025-11-30T09:07:53+00:00\",\"description\":\"Pr\u00eat \u00e0 tirer le meilleur parti de votre exp\u00e9rience cycliste ? Une \u00e9valuation posturale professionnelle permet d'optimiser la connexion entre vous et votre v\u00e9lo pour un confort et des performances optimales.\",\"breadcrumb\":{\"@id\":\"https:\\\/\\\/bikefit.lu\\\/fr\\\/concept\\\/#breadcrumb\"},\"inLanguage\":\"fr-FR\",\"potentialAction\":[{\"@type\":\"ReadAction\",\"target\":[\"https:\\\/\\\/bikefit.lu\\\/fr\\\/concept\\\/\"]}]},{\"@type\":\"ImageObject\",\"inLanguage\":\"fr-FR\",\"@id\":\"https:\\\/\\\/bikefit.lu\\\/fr\\\/concept\\\/#primaryimage\",\"url\":\"https:\\\/\\\/bikefit.lu\\\/wp-content\\\/uploads\\\/2024\\\/01\\\/Your-fitter-208x300.jpg\",\"contentUrl\":\"https:\\\/\\\/bikefit.lu\\\/wp-content\\\/uploads\\\/2024\\\/01\\\/Your-fitter-208x300.jpg\"},{\"@type\":\"BreadcrumbList\",\"@id\":\"https:\\\/\\\/bikefit.lu\\\/fr\\\/concept\\\/#breadcrumb\",\"itemListElement\":[{\"@type\":\"ListItem\",\"position\":1,\"name\":\"Home\",\"item\":\"https:\\\/\\\/bikefit.lu\\\/fr\\\/\"},{\"@type\":\"ListItem\",\"position\":2,\"name\":\"Concept\"}]},{\"@type\":\"WebSite\",\"@id\":\"https:\\\/\\\/bikefit.lu\\\/fr\\\/#website\",\"url\":\"https:\\\/\\\/bikefit.lu\\\/fr\\\/\",\"name\":\"bikefit.lu\",\"description\":\"IMPROVING CYCLING\",\"publisher\":{\"@id\":\"https:\\\/\\\/bikefit.lu\\\/fr\\\/#\\\/schema\\\/person\\\/379af1263474d2f8cd1f41c2bd90273d\"},\"potentialAction\":[{\"@type\":\"SearchAction\",\"target\":{\"@type\":\"EntryPoint\",\"urlTemplate\":\"https:\\\/\\\/bikefit.lu\\\/fr\\\/?s={search_term_string}\"},\"query-input\":{\"@type\":\"PropertyValueSpecification\",\"valueRequired\":true,\"valueName\":\"search_term_string\"}}],\"inLanguage\":\"fr-FR\"},{\"@type\":[\"Person\",\"Organization\"],\"@id\":\"https:\\\/\\\/bikefit.lu\\\/fr\\\/#\\\/schema\\\/person\\\/379af1263474d2f8cd1f41c2bd90273d\",\"name\":\"Patrick Guillaume\",\"image\":{\"@type\":\"ImageObject\",\"inLanguage\":\"fr-FR\",\"@id\":\"https:\\\/\\\/bikefit.lu\\\/wp-content\\\/uploads\\\/2024\\\/12\\\/cropped-bikefit-logoURL-RGB-jpg.jpg\",\"url\":\"https:\\\/\\\/bikefit.lu\\\/wp-content\\\/uploads\\\/2024\\\/12\\\/cropped-bikefit-logoURL-RGB-jpg.jpg\",\"contentUrl\":\"https:\\\/\\\/bikefit.lu\\\/wp-content\\\/uploads\\\/2024\\\/12\\\/cropped-bikefit-logoURL-RGB-jpg.jpg\",\"width\":512,\"height\":512,\"caption\":\"Patrick Guillaume\"},\"logo\":{\"@id\":\"https:\\\/\\\/bikefit.lu\\\/wp-content\\\/uploads\\\/2024\\\/12\\\/cropped-bikefit-logoURL-RGB-jpg.jpg\"},\"sameAs\":[\"https:\\\/\\\/bikefit.lu\"],\"honorificPrefix\":\"Mr\",\"birthDate\":\"1966-11-18\",\"gender\":\"male\",\"knowsAbout\":[\"Bike-fitting\"],\"knowsLanguage\":[\"English\",\"French\",\"German\",\"Luxembourgish\"]}]}<\/script>\n<!-- \/ Yoast SEO Premium plugin. -->","yoast_head_json":{"title":"Am\u00e9liorez votre exp\u00e9rience cycliste avec une \u00e9tude posturale professionnelle - bikefit.lu.","description":"Pr\u00eat \u00e0 tirer le meilleur parti de votre exp\u00e9rience cycliste ? Une \u00e9valuation posturale professionnelle permet d'optimiser la connexion entre vous et votre v\u00e9lo pour un confort et des performances optimales.","robots":{"index":"index","follow":"follow","max-snippet":"max-snippet:-1","max-image-preview":"max-image-preview:large","max-video-preview":"max-video-preview:-1"},"canonical":"https:\/\/bikefit.lu\/fr\/concept\/","og_locale":"fr_FR","og_type":"article","og_title":"Concept","og_description":"Pr\u00eat \u00e0 tirer le meilleur parti de votre exp\u00e9rience cycliste ? Une \u00e9valuation posturale professionnelle permet d'optimiser la connexion entre vous et votre v\u00e9lo pour un confort et des performances optimales.","og_url":"https:\/\/bikefit.lu\/fr\/concept\/","og_site_name":"bikefit.lu","article_modified_time":"2025-11-30T09:07:53+00:00","og_image":[{"width":408,"height":588,"url":"https:\/\/bikefit.lu\/wp-content\/uploads\/2024\/01\/Your-fitter.jpg","type":"image\/jpeg"}],"twitter_card":"summary_large_image","twitter_misc":{"Dur\u00e9e de lecture estim\u00e9e":"6 minutes"},"schema":{"@context":"https:\/\/schema.org","@graph":[{"@type":"WebPage","@id":"https:\/\/bikefit.lu\/fr\/concept\/","url":"https:\/\/bikefit.lu\/fr\/concept\/","name":"Am\u00e9liorez votre exp\u00e9rience cycliste avec une \u00e9tude posturale professionnelle - bikefit.lu.","isPartOf":{"@id":"https:\/\/bikefit.lu\/fr\/#website"},"primaryImageOfPage":{"@id":"https:\/\/bikefit.lu\/fr\/concept\/#primaryimage"},"image":{"@id":"https:\/\/bikefit.lu\/fr\/concept\/#primaryimage"},"thumbnailUrl":"https:\/\/bikefit.lu\/wp-content\/uploads\/2024\/01\/Your-fitter-208x300.jpg","datePublished":"2023-12-20T16:40:17+00:00","dateModified":"2025-11-30T09:07:53+00:00","description":"Pr\u00eat \u00e0 tirer le meilleur parti de votre exp\u00e9rience cycliste ? Une \u00e9valuation posturale professionnelle permet d'optimiser la connexion entre vous et votre v\u00e9lo pour un confort et des performances optimales.","breadcrumb":{"@id":"https:\/\/bikefit.lu\/fr\/concept\/#breadcrumb"},"inLanguage":"fr-FR","potentialAction":[{"@type":"ReadAction","target":["https:\/\/bikefit.lu\/fr\/concept\/"]}]},{"@type":"ImageObject","inLanguage":"fr-FR","@id":"https:\/\/bikefit.lu\/fr\/concept\/#primaryimage","url":"https:\/\/bikefit.lu\/wp-content\/uploads\/2024\/01\/Your-fitter-208x300.jpg","contentUrl":"https:\/\/bikefit.lu\/wp-content\/uploads\/2024\/01\/Your-fitter-208x300.jpg"},{"@type":"BreadcrumbList","@id":"https:\/\/bikefit.lu\/fr\/concept\/#breadcrumb","itemListElement":[{"@type":"ListItem","position":1,"name":"Home","item":"https:\/\/bikefit.lu\/fr\/"},{"@type":"ListItem","position":2,"name":"Concept"}]},{"@type":"WebSite","@id":"https:\/\/bikefit.lu\/fr\/#website","url":"https:\/\/bikefit.lu\/fr\/","name":"bikefit.lu","description":"IMPROVING CYCLING","publisher":{"@id":"https:\/\/bikefit.lu\/fr\/#\/schema\/person\/379af1263474d2f8cd1f41c2bd90273d"},"potentialAction":[{"@type":"SearchAction","target":{"@type":"EntryPoint","urlTemplate":"https:\/\/bikefit.lu\/fr\/?s={search_term_string}"},"query-input":{"@type":"PropertyValueSpecification","valueRequired":true,"valueName":"search_term_string"}}],"inLanguage":"fr-FR"},{"@type":["Person","Organization"],"@id":"https:\/\/bikefit.lu\/fr\/#\/schema\/person\/379af1263474d2f8cd1f41c2bd90273d","name":"Patrick Guillaume","image":{"@type":"ImageObject","inLanguage":"fr-FR","@id":"https:\/\/bikefit.lu\/wp-content\/uploads\/2024\/12\/cropped-bikefit-logoURL-RGB-jpg.jpg","url":"https:\/\/bikefit.lu\/wp-content\/uploads\/2024\/12\/cropped-bikefit-logoURL-RGB-jpg.jpg","contentUrl":"https:\/\/bikefit.lu\/wp-content\/uploads\/2024\/12\/cropped-bikefit-logoURL-RGB-jpg.jpg","width":512,"height":512,"caption":"Patrick Guillaume"},"logo":{"@id":"https:\/\/bikefit.lu\/wp-content\/uploads\/2024\/12\/cropped-bikefit-logoURL-RGB-jpg.jpg"},"sameAs":["https:\/\/bikefit.lu"],"honorificPrefix":"Mr","birthDate":"1966-11-18","gender":"male","knowsAbout":["Bike-fitting"],"knowsLanguage":["English","French","German","Luxembourgish"]}]}},"jetpack_shortlink":"https:\/\/wp.me\/PeuPYZ-keF","_links":{"self":[{"href":"https:\/\/bikefit.lu\/fr\/wp-json\/wp\/v2\/pages\/77789","targetHints":{"allow":["GET"]}}],"collection":[{"href":"https:\/\/bikefit.lu\/fr\/wp-json\/wp\/v2\/pages"}],"about":[{"href":"https:\/\/bikefit.lu\/fr\/wp-json\/wp\/v2\/types\/page"}],"author":[{"embeddable":true,"href":"https:\/\/bikefit.lu\/fr\/wp-json\/wp\/v2\/users\/1"}],"replies":[{"embeddable":true,"href":"https:\/\/bikefit.lu\/fr\/wp-json\/wp\/v2\/comments?post=77789"}],"version-history":[{"count":0,"href":"https:\/\/bikefit.lu\/fr\/wp-json\/wp\/v2\/pages\/77789\/revisions"}],"wp:attachment":[{"href":"https:\/\/bikefit.lu\/fr\/wp-json\/wp\/v2\/media?parent=77789"}],"curies":[{"name":"wp","href":"https:\/\/api.w.org\/{rel}","templated":true}]}}